{"id":198,"date":"2019-02-07T22:28:43","date_gmt":"2019-02-07T21:28:43","guid":{"rendered":"http:\/\/www.aef.nu\/?page_id=198"},"modified":"2026-03-28T23:37:59","modified_gmt":"2026-03-28T22:37:59","slug":"cykelvag-vid-vattnet","status":"publish","type":"page","link":"https:\/\/www.aef.nu\/?page_id=198","title":{"rendered":"Promenadstr\u00e5k vid R\u00f6da Sten"},"content":{"rendered":"\n<h2 class=\"wp-block-heading\">20\/6: Park &#8211; och Naturn\u00e4mnden bordl\u00e4gger med flera yrkanden. <\/h2>\n\n\n\n<p>F\u00f6rslaget att bordl\u00e4gga till eftertr\u00e4dande n\u00e4mnd bif\u00f6lls. \u00c4n \u00e4r allts\u00e5 inte allt hopp ute.<\/p>\n\n\n\n<p>De yrkanden som inkom visas nedan.<\/p>\n\n\n\n<h2 class=\"wp-block-heading\">D:<\/h2>\n\n\n\n<div data-wp-interactive=\"core\/file\" class=\"wp-block-file\"><object data-wp-bind--hidden=\"!state.hasPdfPreview\" hidden class=\"wp-block-file__embed\" data=\"https:\/\/www.aef.nu\/wp-content\/uploads\/2022\/07\/PB01-Yrkande-fran-D.pdf\" type=\"application\/pdf\" style=\"width:100%;height:600px\" aria-label=\"Inb\u00e4ddning av PB01 Yrkande fr\u00e5n D.\"><\/object><a id=\"wp-block-file--media-1055275e-5939-4678-98f9-6c767ec7764a\" href=\"https:\/\/www.aef.nu\/wp-content\/uploads\/2022\/07\/PB01-Yrkande-fran-D.pdf\">PB01 Yrkande fr\u00e5n D<\/a><a href=\"https:\/\/www.aef.nu\/wp-content\/uploads\/2022\/07\/PB01-Yrkande-fran-D.pdf\" class=\"wp-block-file__button wp-element-button\" download aria-describedby=\"wp-block-file--media-1055275e-5939-4678-98f9-6c767ec7764a\">Ladda ner<\/a><\/div>\n\n\n\n<p><\/p>\n\n\n\n<h2 class=\"wp-block-heading\">S, V M och Fi:<\/h2>\n\n\n\n<div data-wp-interactive=\"core\/file\" class=\"wp-block-file\"><object data-wp-bind--hidden=\"!state.hasPdfPreview\" hidden class=\"wp-block-file__embed\" data=\"https:\/\/www.aef.nu\/wp-content\/uploads\/2022\/07\/PB02-yttrande-fran-S-V-MP-och-FI.pdf\" type=\"application\/pdf\" style=\"width:100%;height:600px\" aria-label=\"Inb\u00e4ddning av PB02 yttrande fr\u00e5n S, V, MP och FI.\"><\/object><a id=\"wp-block-file--media-7dc59a0e-7c8d-48c0-977c-afd8901bef89\" href=\"https:\/\/www.aef.nu\/wp-content\/uploads\/2022\/07\/PB02-yttrande-fran-S-V-MP-och-FI.pdf\">PB02 yttrande fr\u00e5n S, V, MP och FI<\/a><a href=\"https:\/\/www.aef.nu\/wp-content\/uploads\/2022\/07\/PB02-yttrande-fran-S-V-MP-och-FI.pdf\" class=\"wp-block-file__button wp-element-button\" download aria-describedby=\"wp-block-file--media-7dc59a0e-7c8d-48c0-977c-afd8901bef89\">Ladda ner<\/a><\/div>\n\n\n\n<p><\/p>\n\n\n\n<h2 class=\"wp-block-heading\">23\/5: Park- och Naturn\u00e4mnden bordl\u00e4gger utan kommentar<\/h2>\n\n\n\n<p>Vid sitt sammantr\u00e4de 23\/5 2022 bordlade n\u00e4mnden f\u00f6rslaget utan information om vad man t\u00e4nkte sej f\u00f6r\u00e4ndras till n\u00e4sta g\u00e5ng. Protokollet nedan.<\/p>\n\n\n\n<div data-wp-interactive=\"core\/file\" class=\"wp-block-file\"><object data-wp-bind--hidden=\"!state.hasPdfPreview\" hidden class=\"wp-block-file__embed\" data=\"https:\/\/www.aef.nu\/wp-content\/uploads\/2022\/06\/Protokollsutdrag-2022-05-23-\u00a7112.pdf\" type=\"application\/pdf\" style=\"width:100%;height:600px\" aria-label=\"Inb\u00e4ddning av Protokollsutdrag 2022-05-23 \u00a7112.\"><\/object><a id=\"wp-block-file--media-2249798a-d07a-4050-a1c5-9ca48fa47e10\" href=\"https:\/\/www.aef.nu\/wp-content\/uploads\/2022\/06\/Protokollsutdrag-2022-05-23-\u00a7112.pdf\">Protokollsutdrag 2022-05-23 \u00a7112<\/a><a href=\"https:\/\/www.aef.nu\/wp-content\/uploads\/2022\/06\/Protokollsutdrag-2022-05-23-\u00a7112.pdf\" class=\"wp-block-file__button wp-element-button\" download aria-describedby=\"wp-block-file--media-2249798a-d07a-4050-a1c5-9ca48fa47e10\">Ladda ner<\/a><\/div>\n\n\n\n<h2 class=\"wp-block-heading\">Park- och Naturf\u00f6rvaltningen rekommenderar avslag!<\/h2>\n\n\n\n<p>F\u00f6reb\u00e4rande resursbrist och omorganisering f\u00f6resl\u00e5r tj\u00e4nstem\u00e4nnen i f\u00f6rvaltningen att f\u00f6rslaget inte genomf\u00f6rs. Hela texten bifogas nedan. I skrivande stund \u00e4r det dock inte klart vad politikerna best\u00e4mde.<\/p>\n\n\n\n<div data-wp-interactive=\"core\/file\" class=\"wp-block-file\"><object data-wp-bind--hidden=\"!state.hasPdfPreview\" hidden class=\"wp-block-file__embed\" data=\"https:\/\/www.aef.nu\/wp-content\/uploads\/2026\/03\/Tjansteutlaatande-Park-och-Natur-promeand-2022.pdf\" type=\"application\/pdf\" style=\"width:100%;height:600px\" aria-label=\"Inb\u00e4ddning av Tjansteutlaatande-Park-och-Natur-promeand-2022.\"><\/object><a id=\"wp-block-file--media-5a86a032-2e36-4c3a-b7f2-3c38c8a791e9\" href=\"https:\/\/www.aef.nu\/wp-content\/uploads\/2026\/03\/Tjansteutlaatande-Park-och-Natur-promeand-2022.pdf\">Tjansteutlaatande-Park-och-Natur-promeand-2022<\/a><a href=\"https:\/\/www.aef.nu\/wp-content\/uploads\/2026\/03\/Tjansteutlaatande-Park-och-Natur-promeand-2022.pdf\" class=\"wp-block-file__button wp-element-button\" download aria-describedby=\"wp-block-file--media-5a86a032-2e36-4c3a-b7f2-3c38c8a791e9\">Ladda ner<\/a><\/div>\n\n\n\n<h2 class=\"wp-block-heading\">K\u00e4llfelt positiva<\/h2>\n\n\n\n<p>Vi pratade med K\u00e4llfelt den 16 juni, och de var mycket positiva , trots att deras omr\u00e5de f\u00e5r intr\u00e5ng som man m\u00f6jligen kan ana p\u00e5 den andra och tredje nya visionsbilden nedan. F\u00f6rslaget f\u00e5r dock inte l\u00e4gga hinder f\u00f6r deras utvecklingsplaner f\u00f6r omr\u00e5det.<\/p>\n\n\n\n<h2 class=\"wp-block-heading\">Park och naturn\u00e4mnden positiv!<\/h2>\n\n\n\n<p>Park- och naturn\u00e4mndens beslut  den 24 maj 2021 innebar att f\u00f6rvaltningen skall utreda vidare och \u00e5terkomma till n\u00e4mnden vid senare tillf\u00e4lle. Protokollet finns <a href=\"http:\/\/www.aef.nu\/wp-content\/uploads\/2021\/05\/Park-o-naturnamnden-24-5-2021.png\">h\u00e4r<\/a>.<\/p>\n\n\n\n<h2 class=\"wp-block-heading\">Nya visionsbilder<\/h2>\n\n\n\n<figure class=\"wp-block-image size-large\"><img loading=\"lazy\" decoding=\"async\" width=\"1024\" height=\"745\" src=\"http:\/\/www.aef.nu\/wp-content\/uploads\/2021\/03\/Image-28-1024x745.jpg\" alt=\"\" class=\"wp-image-2100\" srcset=\"https:\/\/www.aef.nu\/wp-content\/uploads\/2021\/03\/Image-28-1024x745.jpg 1024w, https:\/\/www.aef.nu\/wp-content\/uploads\/2021\/03\/Image-28-300x218.jpg 300w, https:\/\/www.aef.nu\/wp-content\/uploads\/2021\/03\/Image-28-768x558.jpg 768w, https:\/\/www.aef.nu\/wp-content\/uploads\/2021\/03\/Image-28-1536x1117.jpg 1536w, https:\/\/www.aef.nu\/wp-content\/uploads\/2021\/03\/Image-28-2048x1489.jpg 2048w\" sizes=\"auto, (max-width: 1024px) 100vw, 1024px\" \/><figcaption class=\"wp-element-caption\">Tillg\u00e5ng till stranden<\/figcaption><\/figure>\n\n\n\n<figure class=\"wp-block-image size-large\"><img loading=\"lazy\" decoding=\"async\" width=\"1024\" height=\"745\" src=\"http:\/\/www.aef.nu\/wp-content\/uploads\/2021\/03\/Image-29-1024x745.jpg\" alt=\"\" class=\"wp-image-2104\" srcset=\"https:\/\/www.aef.nu\/wp-content\/uploads\/2021\/03\/Image-29-1024x745.jpg 1024w, https:\/\/www.aef.nu\/wp-content\/uploads\/2021\/03\/Image-29-300x218.jpg 300w, https:\/\/www.aef.nu\/wp-content\/uploads\/2021\/03\/Image-29-768x558.jpg 768w, https:\/\/www.aef.nu\/wp-content\/uploads\/2021\/03\/Image-29-1536x1117.jpg 1536w, https:\/\/www.aef.nu\/wp-content\/uploads\/2021\/03\/Image-29-2048x1489.jpg 2048w\" sizes=\"auto, (max-width: 1024px) 100vw, 1024px\" \/><figcaption class=\"wp-element-caption\">Fr\u00e5n stranden v\u00e4sterut. Vi har rivit cementkuren vid gamla grinden<\/figcaption><\/figure>\n\n\n\n<figure class=\"wp-block-image size-large\"><img loading=\"lazy\" decoding=\"async\" width=\"1024\" height=\"745\" src=\"http:\/\/www.aef.nu\/wp-content\/uploads\/2021\/03\/Image-30-1024x745.jpg\" alt=\"\" class=\"wp-image-2108\" srcset=\"https:\/\/www.aef.nu\/wp-content\/uploads\/2021\/03\/Image-30-1024x745.jpg 1024w, https:\/\/www.aef.nu\/wp-content\/uploads\/2021\/03\/Image-30-300x218.jpg 300w, https:\/\/www.aef.nu\/wp-content\/uploads\/2021\/03\/Image-30-768x558.jpg 768w, https:\/\/www.aef.nu\/wp-content\/uploads\/2021\/03\/Image-30-1536x1117.jpg 1536w, https:\/\/www.aef.nu\/wp-content\/uploads\/2021\/03\/Image-30-2048x1489.jpg 2048w\" sizes=\"auto, (max-width: 1024px) 100vw, 1024px\" \/><figcaption class=\"wp-element-caption\">Vid den smala h\u00e5lv\u00e4gen. Tyv\u00e4rr m\u00e5ste vi anv\u00e4nda lite av K\u00e4llfelts mark f\u00f6r att f\u00e5 plats.<\/figcaption><\/figure>\n\n\n\n<p><strong>16\/2 M\u00e5let n\u00e5tt den 12\/2<\/strong><\/p>\n\n\n\n<figure class=\"wp-block-image size-large\"><img loading=\"lazy\" decoding=\"async\" width=\"569\" height=\"538\" src=\"http:\/\/www.aef.nu\/wp-content\/uploads\/2021\/02\/Rostning-16-2.png\" alt=\"\" class=\"wp-image-1775\" srcset=\"https:\/\/www.aef.nu\/wp-content\/uploads\/2021\/02\/Rostning-16-2.png 569w, https:\/\/www.aef.nu\/wp-content\/uploads\/2021\/02\/Rostning-16-2-300x284.png 300w\" sizes=\"auto, (max-width: 569px) 100vw, 569px\" \/><\/figure>\n\n\n\n<figure class=\"wp-block-image size-large\"><img loading=\"lazy\" decoding=\"async\" width=\"678\" height=\"561\" src=\"http:\/\/www.aef.nu\/wp-content\/uploads\/2021\/02\/image.png\" alt=\"\" class=\"wp-image-1623\" srcset=\"https:\/\/www.aef.nu\/wp-content\/uploads\/2021\/02\/image.png 678w, https:\/\/www.aef.nu\/wp-content\/uploads\/2021\/02\/image-300x248.png 300w\" sizes=\"auto, (max-width: 678px) 100vw, 678px\" \/><\/figure>\n\n\n\n<figure class=\"wp-block-image size-large\"><img loading=\"lazy\" decoding=\"async\" width=\"1024\" height=\"577\" src=\"http:\/\/www.aef.nu\/wp-content\/uploads\/2021\/01\/Forbattrade-Roda-sten-flygblad-1024x577.png\" alt=\"\" class=\"wp-image-1572\" srcset=\"https:\/\/www.aef.nu\/wp-content\/uploads\/2021\/01\/Forbattrade-Roda-sten-flygblad-1024x577.png 1024w, https:\/\/www.aef.nu\/wp-content\/uploads\/2021\/01\/Forbattrade-Roda-sten-flygblad-300x169.png 300w, https:\/\/www.aef.nu\/wp-content\/uploads\/2021\/01\/Forbattrade-Roda-sten-flygblad-768x433.png 768w, https:\/\/www.aef.nu\/wp-content\/uploads\/2021\/01\/Forbattrade-Roda-sten-flygblad-1536x866.png 1536w, https:\/\/www.aef.nu\/wp-content\/uploads\/2021\/01\/Forbattrade-Roda-sten-flygblad-2048x1154.png 2048w\" sizes=\"auto, (max-width: 1024px) 100vw, 1024px\" \/><figcaption class=\"wp-element-caption\">Nytt f\u00f6rs\u00f6k eftersom Trafikn\u00e4mnden inte verkar ha tagit detta p\u00e5 allvar<\/figcaption><\/figure>\n\n\n\n<p>Brev fr\u00e5n \u00c4EF till Trafikn\u00e4mnden 2019-04-29<\/p>\n\n\n\n<p>Trafikn\u00e4mnden<\/p>\n\n\n\n<p>G\u00f6teborgs Stad<\/p>\n\n\n\n<p>Box 2403<\/p>\n\n\n\n<p>403 16 G\u00f6teborg<\/p>\n\n\n\n<p>\u00c4lvsborg 29 april 2019<\/p>\n\n\n\n<p>Ang. GC-v\u00e4g R\u00f6da Sten till Nya Varvet<\/p>\n\n\n\n<p>G\u00e5ng- och Cykelv\u00e4gen mellan R\u00f6da Sten och \u00c4lvsborg \u00e4r ett av\nf\u00e5 st\u00e4llen d\u00e4r man kan njuta av n\u00e4rheten till \u00e4lven och utsikten \u00f6ver inloppet\nutan att beh\u00f6va bana sig v\u00e4g mellan parkerade bilar eller kommersiella\nanl\u00e4ggningar.<\/p>\n\n\n\n<p>Det \u00e4r en v\u00e4g som uppskattas av m\u00e5nga, promen\u00f6rer,\ndagisbarn, pique-niquare och cyklister. Detta skulle inte vara n\u00e5got problem,\nom v\u00e4gen var bred och varje grupp hade sin del. Men som det \u00e4r samsas alla p\u00e5\nen smal remsa asfalt, med irritation och miss\u00e4mja som f\u00f6ljd.<\/p>\n\n\n\n<p>\u00c4lvsborgs Egnahemsf\u00f6rening vill d\u00e4rf\u00f6r framf\u00f6ra f\u00f6rslaget\natt komplettera nuvarande v\u00e4g med en robust tr\u00e4sp\u00e5ng p\u00e5 utsidan. D\u00e5 kunde\nsp\u00e5ngen reserveras f\u00f6r g\u00e5ngtrafikanter av olika slag, och den nuvarande v\u00e4gen\nkunde l\u00e4mnas till cyklisterna. De skulle d\u00e5 vara \u00e5tskilda av den existerande\ncementv\u00e4ggen, och inte riskera att st\u00f6ra varandra. Se bifogade utkast.<\/p>\n\n\n\n<p>Vid den lilla sandstranden skulle sp\u00e5ngen g\u00e5 n\u00e4ra v\u00e4gen i\novankanten av stranden, med breda trappor eller rentav en ramp f\u00f6r\ntillg\u00e4nglighet till stranden. P\u00e5 detta s\u00e4tt skulle sp\u00e5ngen inte skymma\nhavsutsikten eller hindra tillg\u00e5ngen till strandkanten. <\/p>\n\n\n\n<p>Sp\u00e5ngen skulle vara f\u00f6rsedd med rikligt med b\u00e4nkar f\u00f6r sol-och\nvinddyrkare. Det \u00e4r viktigt att den byggs av tr\u00e4, som \u00e4r ett l\u00e4tt och flexibelt\nmaterial och som dessutom binder kol under hela sin livsl\u00e4ngd som kan vara\navsev\u00e4rd. <\/p>\n\n\n\n<p>Vi hemst\u00e4ller att Trafikn\u00e4mnden snarast unders\u00f6ker\nm\u00f6jligheterna till denna f\u00f6rb\u00e4ttring, kanske genom att ge Trafikkontoret i\nuppdrag att utreda det.<\/p>\n\n\n\n<p>Vi skulle uppskatta att f\u00e5 en kontaktperson f\u00f6r \u00e4rendet och\nst\u00e5r g\u00e4rna till tj\u00e4nst f\u00f6r en mer detaljerad diskussion om f\u00f6rslaget.<\/p>\n\n\n\n<p>Med v\u00e4nlig h\u00e4lsning<\/p>\n\n\n\n<p>\u00c4lvsborgs Egnahemsf\u00f6rening<\/p>\n\n\n\n<p>Anders Elleg\u00e5rd<\/p>\n\n\n\n<p>Ordf\u00f6rande<\/p>\n\n\n\n<p>Tel: 0739 875 606 Cc: Trafikkontoret, G\u00f6teborgs stad <\/p>\n\n\n\n<figure class=\"wp-block-image\"><img loading=\"lazy\" decoding=\"async\" width=\"1024\" height=\"694\" src=\"http:\/\/www.aef.nu\/wp-content\/uploads\/2019\/05\/GC-v\u00e4g-med-bron-1-1024x694.png\" alt=\"\" class=\"wp-image-422\" srcset=\"https:\/\/www.aef.nu\/wp-content\/uploads\/2019\/05\/GC-v\u00e4g-med-bron-1-1024x694.png 1024w, https:\/\/www.aef.nu\/wp-content\/uploads\/2019\/05\/GC-v\u00e4g-med-bron-1-300x203.png 300w, https:\/\/www.aef.nu\/wp-content\/uploads\/2019\/05\/GC-v\u00e4g-med-bron-1-768x521.png 768w, https:\/\/www.aef.nu\/wp-content\/uploads\/2019\/05\/GC-v\u00e4g-med-bron-1.png 1373w\" sizes=\"auto, (max-width: 1024px) 100vw, 1024px\" \/><\/figure>\n\n\n\n<figure class=\"wp-block-image\"><img loading=\"lazy\" decoding=\"async\" width=\"1024\" height=\"703\" src=\"http:\/\/www.aef.nu\/wp-content\/uploads\/2019\/05\/GC-v\u00e4g-konstrukion-1-1024x703.png\" alt=\"\" class=\"wp-image-423\" srcset=\"https:\/\/www.aef.nu\/wp-content\/uploads\/2019\/05\/GC-v\u00e4g-konstrukion-1-1024x703.png 1024w, https:\/\/www.aef.nu\/wp-content\/uploads\/2019\/05\/GC-v\u00e4g-konstrukion-1-300x206.png 300w, https:\/\/www.aef.nu\/wp-content\/uploads\/2019\/05\/GC-v\u00e4g-konstrukion-1-768x527.png 768w, https:\/\/www.aef.nu\/wp-content\/uploads\/2019\/05\/GC-v\u00e4g-konstrukion-1.png 1434w\" sizes=\"auto, (max-width: 1024px) 100vw, 1024px\" \/><\/figure>\n\n\n\n<figure class=\"wp-block-image\"><img loading=\"lazy\" decoding=\"async\" width=\"1024\" height=\"671\" src=\"http:\/\/www.aef.nu\/wp-content\/uploads\/2019\/05\/GC-v\u00e4g-karta-1024x671.png\" alt=\"\" class=\"wp-image-424\" srcset=\"https:\/\/www.aef.nu\/wp-content\/uploads\/2019\/05\/GC-v\u00e4g-karta-1024x671.png 1024w, https:\/\/www.aef.nu\/wp-content\/uploads\/2019\/05\/GC-v\u00e4g-karta-300x197.png 300w, https:\/\/www.aef.nu\/wp-content\/uploads\/2019\/05\/GC-v\u00e4g-karta-768x503.png 768w, https:\/\/www.aef.nu\/wp-content\/uploads\/2019\/05\/GC-v\u00e4g-karta.png 1716w\" sizes=\"auto, (max-width: 1024px) 100vw, 1024px\" \/><\/figure>\n\n\n\n<p>Trafikkontoret svarade 2019-05-10:<\/p>\n\n\n\n<p>Hej Anders,<br>\n<br>\nJag har f\u00e5tt\n\u00e4rendet ang\u00e5ende ert f\u00f6rslag om en b\u00e4ttre milj\u00f6 f\u00f6r g\u00e5ende och cyklande vid\nR\u00f6de sten.<br>\nDet \u00e4r en vacker\nillustration p\u00e5 en l\u00f6sning som s\u00e4kert skulle bli mycket uppskattad bland\nG\u00f6teborgarna.<br>\n<br>\nJag ska h\u00f6ra mig\nf\u00f6r internt p\u00e5 kontoret hur vi ska hantera detta \u00f6nskem\u00e5l och om det finns\nm\u00f6jlighet att studera det n\u00e4rmare. <br>\nSom du s\u00e4kert\nf\u00f6rst\u00e5r s\u00e5 finns det m\u00e5nga projekt som konkurerar om kontorets\ninvesteringsmedel och utredningsresurser.<br>\n<br>\nJag f\u00e5r \u00e5terkomma\ntill dig n\u00e4r jag vet mer om hur vi ska hantera det.<br>\n<br>\nMed\nv\u00e4nliga h\u00e4lsningar <\/p>\n\n\n\n<p>NN<br> Trafikplanerare, Samh\u00e4llsplanering&nbsp; G\u00d6TEBORGS STAD<br> Trafikkontoret <\/p>\n\n\n\n<p>\u00c5ter till <a href=\"http:\/\/www.aef.nu\/?page_id=181\">Projektsidan<\/a><\/p>\n","protected":false},"excerpt":{"rendered":"<p>20\/6: Park &#8211; och Naturn\u00e4mnden bordl\u00e4gger med flera yrkanden. F\u00f6rslaget att bordl\u00e4gga till eftertr\u00e4dande n\u00e4mnd bif\u00f6lls. \u00c4n \u00e4r allts\u00e5 inte allt hopp ute. De yrkanden som inkom visas nedan. D: S, V M och Fi: 23\/5: Park- och Naturn\u00e4mnden bordl\u00e4gger utan kommentar Vid sitt sammantr\u00e4de 23\/5 2022 bordlade n\u00e4mnden f\u00f6rslaget utan information om vad man [&hellip;]<\/p>\n","protected":false},"author":1,"featured_media":0,"parent":0,"menu_order":0,"comment_status":"closed","ping_status":"closed","template":"","meta":{"footnotes":""},"class_list":["post-198","page","type-page","status-publish","hentry","post"],"_links":{"self":[{"href":"https:\/\/www.aef.nu\/index.php?rest_route=\/wp\/v2\/pages\/198","targetHints":{"allow":["GET"]}}],"collection":[{"href":"https:\/\/www.aef.nu\/index.php?rest_route=\/wp\/v2\/pages"}],"about":[{"href":"https:\/\/www.aef.nu\/index.php?rest_route=\/wp\/v2\/types\/page"}],"author":[{"embeddable":true,"href":"https:\/\/www.aef.nu\/index.php?rest_route=\/wp\/v2\/users\/1"}],"replies":[{"embeddable":true,"href":"https:\/\/www.aef.nu\/index.php?rest_route=%2Fwp%2Fv2%2Fcomments&post=198"}],"version-history":[{"count":22,"href":"https:\/\/www.aef.nu\/index.php?rest_route=\/wp\/v2\/pages\/198\/revisions"}],"predecessor-version":[{"id":6419,"href":"https:\/\/www.aef.nu\/index.php?rest_route=\/wp\/v2\/pages\/198\/revisions\/6419"}],"wp:attachment":[{"href":"https:\/\/www.aef.nu\/index.php?rest_route=%2Fwp%2Fv2%2Fmedia&parent=198"}],"curies":[{"name":"wp","href":"https:\/\/api.w.org\/{rel}","templated":true}]}}