{"id":181,"date":"2019-02-07T22:30:23","date_gmt":"2019-02-07T21:30:23","guid":{"rendered":"http:\/\/www.aef.nu\/?page_id=181"},"modified":"2026-08-23T10:10:58","modified_gmt":"2026-08-23T08:10:58","slug":"projekt-vi-arbetar-med","status":"publish","type":"page","link":"https:\/\/www.aef.nu\/","title":{"rendered":"P\u00e5 G i \u00c4lvsborg"},"content":{"rendered":"\n<p class=\"wp-block-paragraph\">SENASTE <\/p>\n\n\n<ul class=\"wp-block-latest-posts__list wp-block-latest-posts is-layout-flow wp-block-latest-posts-is-layout-flow\"><li><a class=\"wp-block-latest-posts__post-title\" href=\"https:\/\/www.aef.nu\/?p=6471\">Utvecklingen av bebyggelsen vid Redegatan<\/a><\/li>\n<li><a class=\"wp-block-latest-posts__post-title\" href=\"https:\/\/www.aef.nu\/?p=6465\">Det mystiska fundamentet p\u00e5 Saltholmen<\/a><\/li>\n<li><a class=\"wp-block-latest-posts__post-title\" href=\"https:\/\/www.aef.nu\/?p=6445\">L\u00e5ngedrag 1556-1983<\/a><\/li>\n<li><a class=\"wp-block-latest-posts__post-title\" href=\"https:\/\/www.aef.nu\/?p=6370\">M\u00f6te om Redegatan med utvecklingskonsortiet 2025-12-17<\/a><\/li>\n<\/ul>\n\n\n<hr class=\"wp-block-separator has-alpha-channel-opacity\"\/>\n\n\n\n<h2 class=\"wp-block-heading\">Redegatan och L\u00e5ngedrags b\u00e5tvarv<\/h2>\n\n\n\n<p class=\"wp-block-paragraph\">P\u00e5 stadsbyggnadsn\u00e4mndens m\u00f6te den 25 augusti 2026 finns en punkt om <a href=\"https:\/\/www.aef.nu\/?p=6471\">prioriterad utbyggnad av G\u00f6teborg. Redegatan<\/a> finns med i planen.<\/p>\n\n\n\n<p class=\"wp-block-paragraph\">P\u00e5 samma m\u00f6te finns \u00e4ven en punkt om beslut om bost\u00e4der p\u00e5 L\u00e5ngedrags B\u00e5tvarv. Det \u00e4rendet har varit bordlagt flera g\u00e5ngen. Vi f\u00e5r se om de godk\u00e4nner planerna den h\u00e4r g\u00e5ngen. <\/p>\n\n\n\n<hr class=\"wp-block-separator has-alpha-channel-opacity\"\/>\n\n\n\n<h2 class=\"wp-block-heading\">T\u00e5ngudden<\/h2>\n\n\n\n<p class=\"wp-block-paragraph\">\u00c4EF forts\u00e4tter att f\u00f6lja utvecklingen av T\u00e5ngudden.<\/p>\n\n\n\n<p class=\"wp-block-paragraph\">Fortifikationsverket har ans\u00f6kt om tillf\u00e4lligt bygglov f\u00f6r att f\u00e5 anl\u00e4gga en parkeringsplats p\u00e5 T\u00e5ngudden, l\u00e4ngs staketet mot H\u00e4steviksgatan. Plats f\u00f6r civila fordon f\u00f6r de som ska jobba med framtida byggnader och markanv\u00e4ndning f\u00f6r hela T\u00e5ngudden-omr\u00e5det. Ans\u00f6kan kom in i maj 2026. Stadsbyggnadsf\u00f6rvaltningen har beg\u00e4rt kompletteringar eftersom marken \u00e4r klassad som riskklass 1,  mycket h\u00f6g risk f\u00f6r p\u00e5verkan av milj\u00f6 och h\u00e4lsa. Kompletteringar till ans\u00f6kan ska skickas in i augusti 2026. \u00c4rendet har nummer SBN 2026-002840.<\/p>\n\n\n\n<p class=\"wp-block-paragraph\">\/Johan. <a href=\"mailto:ordforande@aef.nu\">ordforande@aef.nu<\/a><\/p>\n\n\n\n<hr class=\"wp-block-separator has-alpha-channel-opacity\"\/>\n\n\n\n<h2 class=\"wp-block-heading\">Vad g\u00f6r vi i h\u00f6st?<\/h2>\n\n\n\n<p class=\"wp-block-paragraph\">Styrelsen planerar nu h\u00f6stens aktiviteter. I september t\u00e4nkte vi ha en vandring i L\u00e5ngedrag f\u00f6r att presentera utbyggnadsplanerna som finns f\u00f6r L\u00e5ngedrags varv och f\u00f6r Nimbus-tomten, blandat med den historiska utvecklingen av omr\u00e5det. Vi ska ha en aktivitet i oktober ocks\u00e5, men vad \u00e4r \u00e4nnu inte best\u00e4mt. I november t\u00e4nkte vi ordna ett f\u00f6redrag om hur man kan utveckla \u00c4lvsborg som en attraktiv stadsdel, med Anna-Johanna Klasander. Arkitekt p\u00e5 White och konstn\u00e4rlig professor i stadsutveckling p\u00e5 Chalmers.<\/p>\n\n\n\n<p class=\"wp-block-paragraph\">Vi uppdaterar medlemmarna s\u00e5 fort planerna klarnar. Om du har andra id\u00e9er om vad vi skulle kunna g\u00f6ra i h\u00f6st, eller l\u00e4ngre fram, h\u00f6r av dig till Johan. <a href=\"mailto:ordforande@aef.nu\">ordforande@aef.nu<\/a><\/p>\n\n\n\n<hr class=\"wp-block-separator has-alpha-channel-opacity\"\/>\n\n\n\n<h2 class=\"wp-block-heading\"><a href=\"https:\/\/www.aef.nu\/?page_id=6450\">Mystiskt fundament<\/a> p\u00e5 Saltholmen<\/h2>\n\n\n\n<figure class=\"wp-block-image size-large\"><img loading=\"lazy\" decoding=\"async\" width=\"1024\" height=\"768\" src=\"https:\/\/www.aef.nu\/wp-content\/uploads\/2026\/07\/Fyrkantiga-ursparingar-1024x768.jpg\" alt=\"\" class=\"wp-image-6457\" srcset=\"https:\/\/www.aef.nu\/wp-content\/uploads\/2026\/07\/Fyrkantiga-ursparingar-1024x768.jpg 1024w, https:\/\/www.aef.nu\/wp-content\/uploads\/2026\/07\/Fyrkantiga-ursparingar-300x225.jpg 300w, https:\/\/www.aef.nu\/wp-content\/uploads\/2026\/07\/Fyrkantiga-ursparingar-768x576.jpg 768w, https:\/\/www.aef.nu\/wp-content\/uploads\/2026\/07\/Fyrkantiga-ursparingar-1536x1152.jpg 1536w, https:\/\/www.aef.nu\/wp-content\/uploads\/2026\/07\/Fyrkantiga-ursparingar.jpg 2048w\" sizes=\"auto, (max-width: 1024px) 100vw, 1024px\" \/><\/figure>\n\n\n\n<p class=\"wp-block-paragraph\">Du kan bli medlem i \u00c4EF f\u00f6r 2026, genom att betala 150 kr till v\u00e5rt Bankgiro: 5159-2152, \u00c4lvsborgs Egnahemsf\u00f6rening, eller skanna QR-koden.<\/p>\n\n\n\n<figure class=\"wp-block-image size-full is-resized\"><img loading=\"lazy\" decoding=\"async\" width=\"625\" height=\"945\" src=\"https:\/\/www.aef.nu\/wp-content\/uploads\/2025\/12\/swish-QR-small-AEF-medlem-2026.png\" alt=\"\" class=\"wp-image-6350\" style=\"width:200px;height:auto\" srcset=\"https:\/\/www.aef.nu\/wp-content\/uploads\/2025\/12\/swish-QR-small-AEF-medlem-2026.png 625w, https:\/\/www.aef.nu\/wp-content\/uploads\/2025\/12\/swish-QR-small-AEF-medlem-2026-198x300.png 198w\" sizes=\"auto, (max-width: 625px) 100vw, 625px\" \/><\/figure>\n\n\n\n\n\n<hr class=\"wp-block-separator has-alpha-channel-opacity\"\/>\n","protected":false},"excerpt":{"rendered":"<p>SENASTE Redegatan och L\u00e5ngedrags b\u00e5tvarv P\u00e5 stadsbyggnadsn\u00e4mndens m\u00f6te den 25 augusti 2026 finns en punkt om prioriterad utbyggnad av G\u00f6teborg. Redegatan finns med i planen. P\u00e5 samma m\u00f6te finns \u00e4ven en punkt om beslut om bost\u00e4der p\u00e5 L\u00e5ngedrags B\u00e5tvarv. Det \u00e4rendet har varit bordlagt flera g\u00e5ngen. Vi f\u00e5r se om de godk\u00e4nner planerna den h\u00e4r [&hellip;]<\/p>\n","protected":false},"author":1,"featured_media":0,"parent":0,"menu_order":0,"comment_status":"closed","ping_status":"closed","template":"","meta":{"footnotes":""},"class_list":["post-181","page","type-page","status-publish","hentry","post"],"_links":{"self":[{"href":"https:\/\/www.aef.nu\/index.php?rest_route=\/wp\/v2\/pages\/181","targetHints":{"allow":["GET"]}}],"collection":[{"href":"https:\/\/www.aef.nu\/index.php?rest_route=\/wp\/v2\/pages"}],"about":[{"href":"https:\/\/www.aef.nu\/index.php?rest_route=\/wp\/v2\/types\/page"}],"author":[{"embeddable":true,"href":"https:\/\/www.aef.nu\/index.php?rest_route=\/wp\/v2\/users\/1"}],"replies":[{"embeddable":true,"href":"https:\/\/www.aef.nu\/index.php?rest_route=%2Fwp%2Fv2%2Fcomments&post=181"}],"version-history":[{"count":220,"href":"https:\/\/www.aef.nu\/index.php?rest_route=\/wp\/v2\/pages\/181\/revisions"}],"predecessor-version":[{"id":6481,"href":"https:\/\/www.aef.nu\/index.php?rest_route=\/wp\/v2\/pages\/181\/revisions\/6481"}],"wp:attachment":[{"href":"https:\/\/www.aef.nu\/index.php?rest_route=%2Fwp%2Fv2%2Fmedia&parent=181"}],"curies":[{"name":"wp","href":"https:\/\/api.w.org\/{rel}","templated":true}]}}